{"id":24058,"date":"2024-10-29T13:39:19","date_gmt":"2024-10-29T11:39:19","guid":{"rendered":"https:\/\/edyceramic-shop.ro\/produs\/piatra-decorativa-modulo-antalya-cream\/"},"modified":"2025-08-01T13:36:38","modified_gmt":"2025-08-01T11:36:38","slug":"piatra-decorativa-modulo-antalya-cream","status":"publish","type":"product","link":"https:\/\/edyceramic-shop.ro\/ro\/produs\/piatra-decorativa-modulo-antalya-cream\/","title":{"rendered":"Piatr\u0103 decorativ\u0103 Modulo Antalya Cream"},"content":{"rendered":"<p>Datorit\u0103 nuan\u021belor bogate de nisipiu \u0219i a tentelor p\u0103m\u00e2ntii va reu\u0219i s\u0103 aduc\u0103 aerul autentic al Antalyei, chiar la tine acas\u0103.<\/p>\n<p>Piatra decorativ\u0103 Antalya Cream poate fi folosit\u0103 at\u00e2t \u00een exterior, c\u00e2t \u0219i \u00een interior. Folosit\u0103 petru peretele unei gr\u0103dini sau a unei terase, este un element care completez\u0103 perfect at\u00e2t finisajele, c\u00e2t \u0219i vegeta\u021bia. \u00cen interior, este alegerea perfect\u0103 dac\u0103 \u00ee\u021bi dore\u0219ti s\u0103 integrezi natura \u00een amenajarea aleas\u0103 sau s\u0103 \u00eent\u0103re\u0219ti un stil de design mediteranean \u00een care accentul este pus pe finisajele \u0219i piesele de mobilier naturale.<\/p>\n<p>Orice \u00eenc\u0103pere se poate bucura de aspectul fermec\u0103tor al pietrei decorative Antalya Cream. Indiferent c\u0103 vrei un perete de accent \u00een living, dormitor sau chiar \u0219i \u00een baie, po\u021bi ob\u021bine rezultate profesionale f\u0103r\u0103 ajutorul unui specialist.<\/p>\n<p>Datorit\u0103 sistemului de montare, beneficiezi de o montare facil\u0103, la costuri semnificativ mai mici. Buc\u0103\u021bile de piatr\u0103 sunt bine lipite \u00eentre ele, ceea ce \u00eenseamn\u0103 c\u0103 nu este necesar\u0103 chituirea rosturilor. \u00cen exterior, pl\u0103cile se lipesc direct pe suprafa\u021ba blocurilor de ciment, iar \u00een interior pe cea a peretelui de ghips-carton. Ai grij\u0103 s\u0103 folose\u0219ti adezivul potrivit zonei de montare.<\/p>\n","protected":false},"excerpt":{"rendered":"<p>Datorit\u0103 nuan\u021belor bogate de nisipiu \u0219i a tentelor p\u0103m\u00e2ntii va reu\u0219i s\u0103 aduc\u0103 aerul autentic al Antalyei, chiar la tine<\/p>\n","protected":false},"featured_media":23926,"template":"","meta":[],"product_brand":[],"product_cat":[467,305],"product_tag":[],"class_list":{"0":"post-24058","1":"product","2":"type-product","3":"status-publish","4":"has-post-thumbnail","6":"product_cat-gresie-si-faianta","7":"product_cat-piatra-decorativa","8":"pa_ambalare-0-54m2-cutie","9":"pa_dimensiune-56x16cm","10":"pa_fabrica-modulo","11":"pa_finisaj-2732","12":"pa_numar-de-placi-in-pachet-2024","13":"pa_rezistent-la-inghet-da","14":"pa_utilizabil-pe-semineu-da","15":"pa_utilizare-interior-exterior","17":"first","18":"instock","19":"purchasable","20":"product-type-simple"},"yoast_head":"<!-- This site is optimized with the Yoast SEO Premium plugin v21.6 (Yoast SEO v22.1) - https:\/\/yoast.com\/wordpress\/plugins\/seo\/ -->\n<title>Piatr\u0103 decorativ\u0103 Modulo Antalya Cream - Edyceramic - magazin online<\/title>\n<meta name=\"robots\" content=\"index, follow, max-snippet:-1, max-image-preview:large, max-video-preview:-1\" \/>\n<link rel=\"canonical\" href=\"https:\/\/edyceramic-shop.ro\/ro\/produs\/piatra-decorativa-modulo-antalya-cream\/\" \/>\n<meta property=\"og:locale\" content=\"ro_RO\" \/>\n<meta property=\"og:type\" content=\"article\" \/>\n<meta property=\"og:title\" content=\"Piatr\u0103 decorativ\u0103 Modulo Antalya Cream\" \/>\n<meta property=\"og:description\" content=\"Datorit\u0103 nuan\u021belor bogate de nisipiu \u0219i a tentelor p\u0103m\u00e2ntii va reu\u0219i s\u0103 aduc\u0103 aerul autentic al Antalyei, chiar la tine\" \/>\n<meta property=\"og:url\" content=\"https:\/\/edyceramic-shop.ro\/ro\/produs\/piatra-decorativa-modulo-antalya-cream\/\" \/>\n<meta property=\"og:site_name\" content=\"Edyceramic - magazin online\" \/>\n<meta property=\"article:modified_time\" content=\"2025-08-01T11:36:38+00:00\" \/>\n<meta property=\"og:image\" content=\"https:\/\/edyceramic-shop.ro\/wp-content\/uploads\/2024\/10\/antalya-cream-ambiance-2024-1200x800-1.webp\" \/>\n\t<meta property=\"og:image:width\" content=\"1200\" \/>\n\t<meta property=\"og:image:height\" content=\"800\" \/>\n\t<meta property=\"og:image:type\" content=\"image\/webp\" \/>\n<meta name=\"twitter:card\" content=\"summary_large_image\" \/>\n<meta name=\"twitter:label1\" content=\"Pre\u021b\" \/>\n\t<meta name=\"twitter:data1\" content=\"153,00&nbsp;lei\" \/>\n\t<meta name=\"twitter:label2\" content=\"Disponibilitate\" \/>\n\t<meta name=\"twitter:data2\" content=\"\u00cen stoc\" \/>\n<script type=\"application\/ld+json\" class=\"yoast-schema-graph\">{\"@context\":\"https:\/\/schema.org\",\"@graph\":[{\"@type\":\"WebPage\",\"@id\":\"https:\/\/edyceramic-shop.ro\/produs\/piatra-decorativa-modulo-antalya-cream\/\",\"url\":\"https:\/\/edyceramic-shop.ro\/produs\/piatra-decorativa-modulo-antalya-cream\/\",\"name\":\"Piatr\u0103 decorativ\u0103 Modulo Antalya Cream - Edyceramic - magazin online\",\"isPartOf\":{\"@id\":\"https:\/\/edyceramic-shop.ro\/ro\/#website\"},\"datePublished\":\"2024-10-29T11:39:19+00:00\",\"dateModified\":\"2025-08-01T11:36:38+00:00\",\"breadcrumb\":{\"@id\":\"https:\/\/edyceramic-shop.ro\/produs\/piatra-decorativa-modulo-antalya-cream\/#breadcrumb\"},\"inLanguage\":\"ro-RO\",\"potentialAction\":[{\"@type\":\"ReadAction\",\"target\":[\"https:\/\/edyceramic-shop.ro\/produs\/piatra-decorativa-modulo-antalya-cream\/\"]}]},{\"@type\":\"BreadcrumbList\",\"@id\":\"https:\/\/edyceramic-shop.ro\/produs\/piatra-decorativa-modulo-antalya-cream\/#breadcrumb\",\"itemListElement\":[{\"@type\":\"ListItem\",\"position\":1,\"name\":\"Home\",\"item\":\"https:\/\/edyceramic-shop.ro\/\"},{\"@type\":\"ListItem\",\"position\":2,\"name\":\"Shop\",\"item\":\"https:\/\/edyceramic-shop.ro\/ro\/shop\/\"},{\"@type\":\"ListItem\",\"position\":3,\"name\":\"Piatr\u0103 decorativ\u0103 Modulo Antalya Cream\"}]},{\"@type\":\"WebSite\",\"@id\":\"https:\/\/edyceramic-shop.ro\/ro\/#website\",\"url\":\"https:\/\/edyceramic-shop.ro\/ro\/\",\"name\":\"edyceramic.ro\",\"description\":\"\",\"publisher\":{\"@id\":\"https:\/\/edyceramic-shop.ro\/ro\/#organization\"},\"potentialAction\":[{\"@type\":\"SearchAction\",\"target\":{\"@type\":\"EntryPoint\",\"urlTemplate\":\"https:\/\/edyceramic-shop.ro\/ro\/?s={search_term_string}\"},\"query-input\":\"required name=search_term_string\"}],\"inLanguage\":\"ro-RO\"},{\"@type\":\"Organization\",\"@id\":\"https:\/\/edyceramic-shop.ro\/ro\/#organization\",\"name\":\"Edyceramic\",\"url\":\"https:\/\/edyceramic-shop.ro\/ro\/\",\"logo\":{\"@type\":\"ImageObject\",\"inLanguage\":\"ro-RO\",\"@id\":\"https:\/\/edyceramic-shop.ro\/ro\/#\/schema\/logo\/image\/\",\"url\":\"https:\/\/edyceramic-shop.ro\/wp-content\/uploads\/2024\/02\/Logo-EdyCeramic_2021-lung.png\",\"contentUrl\":\"https:\/\/edyceramic-shop.ro\/wp-content\/uploads\/2024\/02\/Logo-EdyCeramic_2021-lung.png\",\"width\":4491,\"height\":769,\"caption\":\"Edyceramic\"},\"image\":{\"@id\":\"https:\/\/edyceramic-shop.ro\/ro\/#\/schema\/logo\/image\/\"}}]}<\/script>\n<meta property=\"product:price:amount\" content=\"153.00\" \/>\n<meta property=\"product:price:currency\" content=\"RON\" \/>\n<meta property=\"og:availability\" content=\"instock\" \/>\n<meta property=\"product:availability\" content=\"instock\" \/>\n<meta property=\"product:retailer_item_id\" content=\"86f76e6a321f\" \/>\n<meta property=\"product:condition\" content=\"new\" \/>\n<!-- \/ Yoast SEO Premium plugin. -->","yoast_head_json":{"title":"Piatr\u0103 decorativ\u0103 Modulo Antalya Cream - Edyceramic - magazin online","robots":{"index":"index","follow":"follow","max-snippet":"max-snippet:-1","max-image-preview":"max-image-preview:large","max-video-preview":"max-video-preview:-1"},"canonical":"https:\/\/edyceramic-shop.ro\/ro\/produs\/piatra-decorativa-modulo-antalya-cream\/","og_locale":"ro_RO","og_type":"article","og_title":"Piatr\u0103 decorativ\u0103 Modulo Antalya Cream","og_description":"Datorit\u0103 nuan\u021belor bogate de nisipiu \u0219i a tentelor p\u0103m\u00e2ntii va reu\u0219i s\u0103 aduc\u0103 aerul autentic al Antalyei, chiar la tine","og_url":"https:\/\/edyceramic-shop.ro\/ro\/produs\/piatra-decorativa-modulo-antalya-cream\/","og_site_name":"Edyceramic - magazin online","article_modified_time":"2025-08-01T11:36:38+00:00","og_image":[{"width":1200,"height":800,"url":"https:\/\/edyceramic-shop.ro\/wp-content\/uploads\/2024\/10\/antalya-cream-ambiance-2024-1200x800-1.webp","type":"image\/webp"}],"twitter_card":"summary_large_image","twitter_misc":{"Pre\u021b":"153,00&nbsp;lei","Disponibilitate":"\u00cen stoc"},"schema":{"@context":"https:\/\/schema.org","@graph":[{"@type":"WebPage","@id":"https:\/\/edyceramic-shop.ro\/produs\/piatra-decorativa-modulo-antalya-cream\/","url":"https:\/\/edyceramic-shop.ro\/produs\/piatra-decorativa-modulo-antalya-cream\/","name":"Piatr\u0103 decorativ\u0103 Modulo Antalya Cream - Edyceramic - magazin online","isPartOf":{"@id":"https:\/\/edyceramic-shop.ro\/ro\/#website"},"datePublished":"2024-10-29T11:39:19+00:00","dateModified":"2025-08-01T11:36:38+00:00","breadcrumb":{"@id":"https:\/\/edyceramic-shop.ro\/produs\/piatra-decorativa-modulo-antalya-cream\/#breadcrumb"},"inLanguage":"ro-RO","potentialAction":[{"@type":"ReadAction","target":["https:\/\/edyceramic-shop.ro\/produs\/piatra-decorativa-modulo-antalya-cream\/"]}]},{"@type":"BreadcrumbList","@id":"https:\/\/edyceramic-shop.ro\/produs\/piatra-decorativa-modulo-antalya-cream\/#breadcrumb","itemListElement":[{"@type":"ListItem","position":1,"name":"Home","item":"https:\/\/edyceramic-shop.ro\/"},{"@type":"ListItem","position":2,"name":"Shop","item":"https:\/\/edyceramic-shop.ro\/ro\/shop\/"},{"@type":"ListItem","position":3,"name":"Piatr\u0103 decorativ\u0103 Modulo Antalya Cream"}]},{"@type":"WebSite","@id":"https:\/\/edyceramic-shop.ro\/ro\/#website","url":"https:\/\/edyceramic-shop.ro\/ro\/","name":"edyceramic.ro","description":"","publisher":{"@id":"https:\/\/edyceramic-shop.ro\/ro\/#organization"},"potentialAction":[{"@type":"SearchAction","target":{"@type":"EntryPoint","urlTemplate":"https:\/\/edyceramic-shop.ro\/ro\/?s={search_term_string}"},"query-input":"required name=search_term_string"}],"inLanguage":"ro-RO"},{"@type":"Organization","@id":"https:\/\/edyceramic-shop.ro\/ro\/#organization","name":"Edyceramic","url":"https:\/\/edyceramic-shop.ro\/ro\/","logo":{"@type":"ImageObject","inLanguage":"ro-RO","@id":"https:\/\/edyceramic-shop.ro\/ro\/#\/schema\/logo\/image\/","url":"https:\/\/edyceramic-shop.ro\/wp-content\/uploads\/2024\/02\/Logo-EdyCeramic_2021-lung.png","contentUrl":"https:\/\/edyceramic-shop.ro\/wp-content\/uploads\/2024\/02\/Logo-EdyCeramic_2021-lung.png","width":4491,"height":769,"caption":"Edyceramic"},"image":{"@id":"https:\/\/edyceramic-shop.ro\/ro\/#\/schema\/logo\/image\/"}}]},"product_price_amount":"153.00","product_price_currency":"RON","og_availability":"instock","product_availability":"instock","product_retailer_item_id":"86f76e6a321f","product_condition":"new"},"jetpack_sharing_enabled":true,"_links":{"self":[{"href":"https:\/\/edyceramic-shop.ro\/ro\/wp-json\/wp\/v2\/product\/24058","targetHints":{"allow":["GET"]}}],"collection":[{"href":"https:\/\/edyceramic-shop.ro\/ro\/wp-json\/wp\/v2\/product"}],"about":[{"href":"https:\/\/edyceramic-shop.ro\/ro\/wp-json\/wp\/v2\/types\/product"}],"version-history":[{"count":1,"href":"https:\/\/edyceramic-shop.ro\/ro\/wp-json\/wp\/v2\/product\/24058\/revisions"}],"predecessor-version":[{"id":24059,"href":"https:\/\/edyceramic-shop.ro\/ro\/wp-json\/wp\/v2\/product\/24058\/revisions\/24059"}],"wp:featuredmedia":[{"embeddable":true,"href":"https:\/\/edyceramic-shop.ro\/ro\/wp-json\/wp\/v2\/media\/23926"}],"wp:attachment":[{"href":"https:\/\/edyceramic-shop.ro\/ro\/wp-json\/wp\/v2\/media?parent=24058"}],"wp:term":[{"taxonomy":"product_brand","embeddable":true,"href":"https:\/\/edyceramic-shop.ro\/ro\/wp-json\/wp\/v2\/product_brand?post=24058"},{"taxonomy":"product_cat","embeddable":true,"href":"https:\/\/edyceramic-shop.ro\/ro\/wp-json\/wp\/v2\/product_cat?post=24058"},{"taxonomy":"product_tag","embeddable":true,"href":"https:\/\/edyceramic-shop.ro\/ro\/wp-json\/wp\/v2\/product_tag?post=24058"}],"curies":[{"name":"wp","href":"https:\/\/api.w.org\/{rel}","templated":true}]}}