{"id":2399,"date":"2024-06-26T08:22:48","date_gmt":"2024-06-26T08:22:48","guid":{"rendered":"https:\/\/edyceramic-shop.ro\/product\/mobilier-de-baie-suspendat-accent-alb\/"},"modified":"2025-08-01T13:31:28","modified_gmt":"2025-08-01T11:31:28","slug":"mobilier-de-baie-suspendat-accent-alb","status":"publish","type":"product","link":"https:\/\/edyceramic-shop.ro\/en\/product\/mobilier-de-baie-suspendat-accent-alb\/","title":{"rendered":"Mobilier de baie suspendat Accent alb"},"content":{"rendered":"<p>Descoper\u0103 rafinamentul \u0219i func\u021bionalitatea de excep\u021bie oferite de mobilierul nostru de baie din prestigioasa colec\u021bie Accent. Realizat cu aten\u021bie la detalii din MDF alb vopsit, acest mobilier adaug\u0103 o not\u0103 de elegan\u021b\u0103 spa\u021biului t\u0103u de baie. Cu linii moderne \u0219i un finisaj impecabil, colec\u021bia Accent \u00eembin\u0103 estetica cu utilitatea, transform\u00e2nd baia \u00eentr-un sanctuar al elegan\u021bei. Feroneria Blum adaug\u0103 un plus de durabilitate \u0219i func\u021bionalitate, asigur\u00e2nd o experien\u021b\u0103 pl\u0103cut\u0103 \u00een utilizare. Alege mobilierul de baie Accent pentru a aduce stil \u0219i eficien\u021b\u0103 \u00een fiecare detaliu al spa\u021biului t\u0103u personal de relaxare.<\/p>","protected":false},"excerpt":{"rendered":"<p>Descoper\u0103 rafinamentul \u0219i func\u021bionalitatea de excep\u021bie oferite de mobilierul nostru de baie din prestigioasa colec\u021bie Accent. Realizat cu aten\u021bie la<\/p>","protected":false},"featured_media":2401,"template":"","meta":[],"product_brand":[],"product_cat":[385,384],"product_tag":[],"class_list":{"0":"post-2399","1":"product","2":"type-product","3":"status-publish","4":"has-post-thumbnail","6":"product_cat-dulapuri-si-boluri","7":"product_cat-mobilier-baie","8":"pa_colectie-accent","9":"pa_culoare-alb","10":"pa_dimensiune-80cm-latime","11":"pa_fabrica-aqua-rodos","12":"pa_material-mdf","13":"pa_montaj-suspendat","15":"first","16":"instock","17":"purchasable","18":"product-type-simple"},"yoast_head":"<!-- This site is optimized with the Yoast SEO Premium plugin v21.6 (Yoast SEO v22.1) - https:\/\/yoast.com\/wordpress\/plugins\/seo\/ -->\n<title>Mobilier de baie suspendat Accent alb - Edyceramic - magazin online<\/title>\n<meta name=\"robots\" content=\"index, follow, max-snippet:-1, max-image-preview:large, max-video-preview:-1\" \/>\n<link rel=\"canonical\" href=\"https:\/\/edyceramic-shop.ro\/en\/product\/mobilier-de-baie-suspendat-accent-alb\/\" \/>\n<meta property=\"og:locale\" content=\"en_US\" \/>\n<meta property=\"og:type\" content=\"article\" \/>\n<meta property=\"og:title\" content=\"Mobilier de baie suspendat Accent alb\" \/>\n<meta property=\"og:description\" content=\"Descoper\u0103 rafinamentul \u0219i func\u021bionalitatea de excep\u021bie oferite de mobilierul nostru de baie din prestigioasa colec\u021bie Accent. Realizat cu aten\u021bie la\" \/>\n<meta property=\"og:url\" content=\"https:\/\/edyceramic-shop.ro\/en\/product\/mobilier-de-baie-suspendat-accent-alb\/\" \/>\n<meta property=\"og:site_name\" content=\"Edyceramic - magazin online\" \/>\n<meta property=\"article:modified_time\" content=\"2025-08-01T11:31:28+00:00\" \/>\n<meta property=\"og:image\" content=\"https:\/\/edyceramic-shop.ro\/wp-content\/uploads\/2024\/06\/9db29802bb6dce9ad5a988588d6d88431.webp\" \/>\n\t<meta property=\"og:image:width\" content=\"823\" \/>\n\t<meta property=\"og:image:height\" content=\"914\" \/>\n\t<meta property=\"og:image:type\" content=\"image\/webp\" \/>\n<meta name=\"twitter:card\" content=\"summary_large_image\" \/>\n<meta name=\"twitter:label1\" content=\"Price\" \/>\n\t<meta name=\"twitter:data1\" content=\"2.359,00&nbsp;lei\" \/>\n\t<meta name=\"twitter:label2\" content=\"Availability\" \/>\n\t<meta name=\"twitter:data2\" content=\"In stock\" \/>\n<script type=\"application\/ld+json\" class=\"yoast-schema-graph\">{\"@context\":\"https:\/\/schema.org\",\"@graph\":[{\"@type\":\"WebPage\",\"@id\":\"https:\/\/edyceramic-shop.ro\/produs\/mobilier-de-baie-suspendat-accent-alb\/\",\"url\":\"https:\/\/edyceramic-shop.ro\/produs\/mobilier-de-baie-suspendat-accent-alb\/\",\"name\":\"Mobilier de baie suspendat Accent alb - Edyceramic - magazin online\",\"isPartOf\":{\"@id\":\"https:\/\/edyceramic-shop.ro\/ro\/#website\"},\"datePublished\":\"2024-06-26T08:22:48+00:00\",\"dateModified\":\"2025-08-01T11:31:28+00:00\",\"breadcrumb\":{\"@id\":\"https:\/\/edyceramic-shop.ro\/produs\/mobilier-de-baie-suspendat-accent-alb\/#breadcrumb\"},\"inLanguage\":\"en-US\",\"potentialAction\":[{\"@type\":\"ReadAction\",\"target\":[\"https:\/\/edyceramic-shop.ro\/produs\/mobilier-de-baie-suspendat-accent-alb\/\"]}]},{\"@type\":\"BreadcrumbList\",\"@id\":\"https:\/\/edyceramic-shop.ro\/produs\/mobilier-de-baie-suspendat-accent-alb\/#breadcrumb\",\"itemListElement\":[{\"@type\":\"ListItem\",\"position\":1,\"name\":\"Home\",\"item\":\"https:\/\/edyceramic-shop.ro\/\"},{\"@type\":\"ListItem\",\"position\":2,\"name\":\"Shop\",\"item\":\"https:\/\/edyceramic-shop.ro\/ro\/shop\/\"},{\"@type\":\"ListItem\",\"position\":3,\"name\":\"Mobilier de baie suspendat Accent alb\"}]},{\"@type\":\"WebSite\",\"@id\":\"https:\/\/edyceramic-shop.ro\/ro\/#website\",\"url\":\"https:\/\/edyceramic-shop.ro\/ro\/\",\"name\":\"edyceramic.ro\",\"description\":\"\",\"publisher\":{\"@id\":\"https:\/\/edyceramic-shop.ro\/ro\/#organization\"},\"potentialAction\":[{\"@type\":\"SearchAction\",\"target\":{\"@type\":\"EntryPoint\",\"urlTemplate\":\"https:\/\/edyceramic-shop.ro\/ro\/?s={search_term_string}\"},\"query-input\":\"required name=search_term_string\"}],\"inLanguage\":\"en-US\"},{\"@type\":\"Organization\",\"@id\":\"https:\/\/edyceramic-shop.ro\/ro\/#organization\",\"name\":\"Edyceramic\",\"url\":\"https:\/\/edyceramic-shop.ro\/ro\/\",\"logo\":{\"@type\":\"ImageObject\",\"inLanguage\":\"en-US\",\"@id\":\"https:\/\/edyceramic-shop.ro\/ro\/#\/schema\/logo\/image\/\",\"url\":\"https:\/\/edyceramic-shop.ro\/wp-content\/uploads\/2024\/02\/Logo-EdyCeramic_2021-lung.png\",\"contentUrl\":\"https:\/\/edyceramic-shop.ro\/wp-content\/uploads\/2024\/02\/Logo-EdyCeramic_2021-lung.png\",\"width\":4491,\"height\":769,\"caption\":\"Edyceramic\"},\"image\":{\"@id\":\"https:\/\/edyceramic-shop.ro\/ro\/#\/schema\/logo\/image\/\"}}]}<\/script>\n<meta property=\"product:price:amount\" content=\"2359.00\" \/>\n<meta property=\"product:price:currency\" content=\"RON\" \/>\n<meta property=\"og:availability\" content=\"instock\" \/>\n<meta property=\"product:availability\" content=\"instock\" \/>\n<meta property=\"product:retailer_item_id\" content=\"832c9913cc7c\" \/>\n<meta property=\"product:condition\" content=\"new\" \/>\n<!-- \/ Yoast SEO Premium plugin. -->","yoast_head_json":{"title":"Mobilier de baie suspendat Accent alb - Edyceramic - magazin online","robots":{"index":"index","follow":"follow","max-snippet":"max-snippet:-1","max-image-preview":"max-image-preview:large","max-video-preview":"max-video-preview:-1"},"canonical":"https:\/\/edyceramic-shop.ro\/en\/product\/mobilier-de-baie-suspendat-accent-alb\/","og_locale":"en_US","og_type":"article","og_title":"Mobilier de baie suspendat Accent alb","og_description":"Descoper\u0103 rafinamentul \u0219i func\u021bionalitatea de excep\u021bie oferite de mobilierul nostru de baie din prestigioasa colec\u021bie Accent. Realizat cu aten\u021bie la","og_url":"https:\/\/edyceramic-shop.ro\/en\/product\/mobilier-de-baie-suspendat-accent-alb\/","og_site_name":"Edyceramic - magazin online","article_modified_time":"2025-08-01T11:31:28+00:00","og_image":[{"width":823,"height":914,"url":"https:\/\/edyceramic-shop.ro\/wp-content\/uploads\/2024\/06\/9db29802bb6dce9ad5a988588d6d88431.webp","type":"image\/webp"}],"twitter_card":"summary_large_image","twitter_misc":{"Price":"2.359,00&nbsp;lei","Availability":"In stock"},"schema":{"@context":"https:\/\/schema.org","@graph":[{"@type":"WebPage","@id":"https:\/\/edyceramic-shop.ro\/produs\/mobilier-de-baie-suspendat-accent-alb\/","url":"https:\/\/edyceramic-shop.ro\/produs\/mobilier-de-baie-suspendat-accent-alb\/","name":"Mobilier de baie suspendat Accent alb - Edyceramic - magazin online","isPartOf":{"@id":"https:\/\/edyceramic-shop.ro\/ro\/#website"},"datePublished":"2024-06-26T08:22:48+00:00","dateModified":"2025-08-01T11:31:28+00:00","breadcrumb":{"@id":"https:\/\/edyceramic-shop.ro\/produs\/mobilier-de-baie-suspendat-accent-alb\/#breadcrumb"},"inLanguage":"en-US","potentialAction":[{"@type":"ReadAction","target":["https:\/\/edyceramic-shop.ro\/produs\/mobilier-de-baie-suspendat-accent-alb\/"]}]},{"@type":"BreadcrumbList","@id":"https:\/\/edyceramic-shop.ro\/produs\/mobilier-de-baie-suspendat-accent-alb\/#breadcrumb","itemListElement":[{"@type":"ListItem","position":1,"name":"Home","item":"https:\/\/edyceramic-shop.ro\/"},{"@type":"ListItem","position":2,"name":"Shop","item":"https:\/\/edyceramic-shop.ro\/ro\/shop\/"},{"@type":"ListItem","position":3,"name":"Mobilier de baie suspendat Accent alb"}]},{"@type":"WebSite","@id":"https:\/\/edyceramic-shop.ro\/ro\/#website","url":"https:\/\/edyceramic-shop.ro\/ro\/","name":"edyceramic.ro","description":"","publisher":{"@id":"https:\/\/edyceramic-shop.ro\/ro\/#organization"},"potentialAction":[{"@type":"SearchAction","target":{"@type":"EntryPoint","urlTemplate":"https:\/\/edyceramic-shop.ro\/ro\/?s={search_term_string}"},"query-input":"required name=search_term_string"}],"inLanguage":"en-US"},{"@type":"Organization","@id":"https:\/\/edyceramic-shop.ro\/ro\/#organization","name":"Edyceramic","url":"https:\/\/edyceramic-shop.ro\/ro\/","logo":{"@type":"ImageObject","inLanguage":"en-US","@id":"https:\/\/edyceramic-shop.ro\/ro\/#\/schema\/logo\/image\/","url":"https:\/\/edyceramic-shop.ro\/wp-content\/uploads\/2024\/02\/Logo-EdyCeramic_2021-lung.png","contentUrl":"https:\/\/edyceramic-shop.ro\/wp-content\/uploads\/2024\/02\/Logo-EdyCeramic_2021-lung.png","width":4491,"height":769,"caption":"Edyceramic"},"image":{"@id":"https:\/\/edyceramic-shop.ro\/ro\/#\/schema\/logo\/image\/"}}]},"product_price_amount":"2359.00","product_price_currency":"RON","og_availability":"instock","product_availability":"instock","product_retailer_item_id":"832c9913cc7c","product_condition":"new"},"jetpack_sharing_enabled":true,"_links":{"self":[{"href":"https:\/\/edyceramic-shop.ro\/en\/wp-json\/wp\/v2\/product\/2399","targetHints":{"allow":["GET"]}}],"collection":[{"href":"https:\/\/edyceramic-shop.ro\/en\/wp-json\/wp\/v2\/product"}],"about":[{"href":"https:\/\/edyceramic-shop.ro\/en\/wp-json\/wp\/v2\/types\/product"}],"version-history":[{"count":0,"href":"https:\/\/edyceramic-shop.ro\/en\/wp-json\/wp\/v2\/product\/2399\/revisions"}],"wp:featuredmedia":[{"embeddable":true,"href":"https:\/\/edyceramic-shop.ro\/en\/wp-json\/wp\/v2\/media\/2401"}],"wp:attachment":[{"href":"https:\/\/edyceramic-shop.ro\/en\/wp-json\/wp\/v2\/media?parent=2399"}],"wp:term":[{"taxonomy":"product_brand","embeddable":true,"href":"https:\/\/edyceramic-shop.ro\/en\/wp-json\/wp\/v2\/product_brand?post=2399"},{"taxonomy":"product_cat","embeddable":true,"href":"https:\/\/edyceramic-shop.ro\/en\/wp-json\/wp\/v2\/product_cat?post=2399"},{"taxonomy":"product_tag","embeddable":true,"href":"https:\/\/edyceramic-shop.ro\/en\/wp-json\/wp\/v2\/product_tag?post=2399"}],"curies":[{"name":"wp","href":"https:\/\/api.w.org\/{rel}","templated":true}]}}